{"id":565,"date":"2021-06-29T10:15:11","date_gmt":"2021-06-29T10:15:11","guid":{"rendered":"https:\/\/skadi.is\/?page_id=565"},"modified":"2021-08-09T15:37:20","modified_gmt":"2021-08-09T15:37:20","slug":"logfraedithjonusta-fyrir-umferdarslys","status":"publish","type":"page","link":"https:\/\/skadi.is\/index.php\/logmenn-arbae\/logfraedithjonusta\/logfraedithjonusta-fyrir-umferdarslys\/","title":{"rendered":"L\u00f6gfr\u00e6\u00f0i\u00fej\u00f3nusta fyrir umfer\u00f0arslys"},"content":{"rendered":"\t\t<div data-elementor-type=\"wp-page\" data-elementor-id=\"565\" class=\"elementor elementor-565\" data-elementor-settings=\"[]\">\n\t\t\t\t\t\t\t<div class=\"elementor-section-wrap\">\n\t\t\t\t\t\t\t<section class=\"elementor-section elementor-top-section elementor-element elementor-element-bdbdec5 elementor-section-boxed elementor-section-height-default elementor-section-height-default\" data-id=\"bdbdec5\" data-element_type=\"section\">\n\t\t\t\t\t\t<div class=\"elementor-container elementor-column-gap-default\">\n\t\t\t\t\t<div class=\"elementor-column elementor-col-100 elementor-top-column elementor-element elementor-element-e81a931\" data-id=\"e81a931\" data-element_type=\"column\">\n\t\t\t<div class=\"elementor-widget-wrap elementor-element-populated\">\n\t\t\t\t\t\t\t\t<div class=\"elementor-element elementor-element-cbeb5d9 elementor-widget elementor-widget-heading\" data-id=\"cbeb5d9\" data-element_type=\"widget\" data-widget_type=\"heading.default\">\n\t\t\t\t<div class=\"elementor-widget-container\">\n\t\t\t<h3 class=\"elementor-heading-title elementor-size-default\">L\u00f6gfr\u00e6\u00f0i\u00fej\u00f3nusta fyrir umfer\u00f0aslys<\/h3>\t\t<\/div>\n\t\t\t\t<\/div>\n\t\t\t\t\t<\/div>\n\t\t<\/div>\n\t\t\t\t\t\t\t<\/div>\n\t\t<\/section>\n\t\t\t\t<section class=\"elementor-section elementor-top-section elementor-element elementor-element-13bcb1 elementor-section-boxed elementor-section-height-default elementor-section-height-default\" data-id=\"13bcb1\" data-element_type=\"section\">\n\t\t\t\t\t\t<div class=\"elementor-container elementor-column-gap-default\">\n\t\t\t\t\t<div class=\"elementor-column elementor-col-100 elementor-top-column elementor-element elementor-element-525149e\" data-id=\"525149e\" data-element_type=\"column\">\n\t\t\t<div class=\"elementor-widget-wrap elementor-element-populated\">\n\t\t\t\t\t\t\t\t<div class=\"elementor-element elementor-element-191fa3b9 elementor-widget elementor-widget-text-editor\" data-id=\"191fa3b9\" data-element_type=\"widget\" data-widget_type=\"text-editor.default\">\n\t\t\t\t<div class=\"elementor-widget-container\">\n\t\t\t\t\t\t\t\t<!-- wp:paragraph -->\n<p>S\u00e1 sem slasast af v\u00f6ldum skr\u00e1ningarskylds \u00f6kut\u00e6kis \u00e1 alltaf r\u00e9tt \u00e1 b\u00f3tum,&nbsp; ef slysi\u00f0 stafar af akstri (notkun) \u00f6kut\u00e6kisins. Tj\u00f3n\u00feoli getur \u00fe\u00e1 \u00e1tt r\u00e9tt \u00e1, sj\u00fakrakostna\u00f0i, \u00f6\u00f0ru fj\u00e1rtj\u00f3ni,&nbsp; \u00fej\u00e1ningab\u00f3tum, miskab\u00f3tum og b\u00f3tum fyrir varanlega \u00f6rorku.&nbsp; Skyldutryggingar \u00f6kut\u00e6kis gilda fyrir far\u00feega, \u00f6kumann og gangandi og hj\u00f3landi vegfarendur, sem fyrir tj\u00f3ni ver\u00f0a. Ekki er skilyr\u00f0i a\u00f0 tj\u00f3n\u00feoli \u00feurfi a\u00f0 vera \u00ed r\u00e9tti til a\u00f0 eiga kr\u00f6fu til&nbsp; ska\u00f0ab\u00f3ta (\u00f6kumanns- og far\u00feegatrygging). Far\u00feegi me\u00f0 drukknum \u00f6kumanni \u00e1 r\u00e9tt \u00e1 b\u00f3tum. Tj\u00f3n\u00feoli sem sannanlega slasast af notkun \u00f6kut\u00e6kis \u00e1 r\u00e9tt \u00e1 b\u00f3tum, \u00fe\u00f3 \u00f6kut\u00e6ki\u00f0 s\u00e9 ekki tryggt og \u00fe\u00f3 ekki ver\u00f0i uppl\u00fdst hvert \u00f6kut\u00e6ki\u00f0 er.&nbsp; Um \u00feetta r\u00e9ttarsvi\u00f0 gilda:&nbsp; XIII. kafli umfer\u00f0arlaga nr. 50\/1987, regluger\u00f0 nr. 424\/2004 um l\u00f6gm\u00e6ltar \u00f6kut\u00e6kjatryggingar og \u00f6kut\u00e6kjatilskipanir EB nr. 1, 2, 3, 4, og 5&nbsp; (72\/166\/EBE, 84\/5\/EBE, 90\/232\/EBE, 2000\/26\/EB og 2005\/14\/EB).&nbsp;<\/p>\n<!-- \/wp:paragraph -->\n\n<!-- wp:paragraph -->\n<p>Uppgj\u00f6r vegna umfer\u00f0aslysa fer fram, samkv\u00e6mt l. nr. 50\/1993 um ska\u00f0ab\u00e6tur. Hluti b\u00f3tanna er sta\u00f0la\u00f0ur, eins og \u00fej\u00e1ningab\u00e6tur, sem mi\u00f0ast vi\u00f0 \u00feann t\u00edma m.a., sem vi\u00f0komandi telst vera veikur vegna slysa\u00e1verka. Miskab\u00e6tur mi\u00f0a vi\u00f0 sker\u00f0ingu \u00e1 l\u00edfsg\u00e6\u00f0um tj\u00f3n\u00feola vegna l\u00edkamstj\u00f3nsins. &nbsp; B\u00e6tur fyrir varanlega \u00f6rorku eru b\u00e6tur fyrir framt\u00ed\u00f0artekjutap vegna&nbsp; \u00feeirrar sker\u00f0ingar \u00e1 aflah\u00e6fi, sem l\u00edkams\u00e1verkarnir hafa \u00ed f\u00f6r me\u00f0 s\u00e9r og reiknast&nbsp; \u00fat fr\u00e1 aldri \u00feess slasa\u00f0a og tekjum hans sl. \u00ferj\u00fa \u00e1r fyrir slysi\u00f0. Mi\u00f0a\u00f0 er vi\u00f0 \u00e1kve\u00f0in l\u00e1gmarkslaun \u00ed \u00feeim tilfellum, sem tj\u00f3n\u00feoli hefur veri\u00f0 tekjul\u00edtill sl. \u00ferj\u00fa \u00e1r fyrir slys. Sker\u00f0ing \u00e1 getu til heimilisstarfa er \u00ed sumum tilvikum metin s\u00e9rstaklega.&nbsp; Hafi&nbsp; tj\u00f3n\u00feoli unni\u00f0 fyrir tekjum er hann slasast, \u00e1 hann r\u00e9tt \u00e1 grei\u00f0slum fyrir t\u00edmabundi\u00f0 tekjutap, a\u00f0 loknu \u00fev\u00ed t\u00edmabili sem vinnuveitandi grei\u00f0ir, \u00fear til tj\u00f3n\u00feoli ver\u00f0ur vinnuf\u00e6r.&nbsp; \u00de\u00e1 grei\u00f0ir tryggingaf\u00e9lag \u00fatlag\u00f0an kostna\u00f0 vegna l\u00e6knisathugana\/ l\u00e6knisme\u00f0fer\u00f0ar (l\u00e6knisvottor\u00f0a), lyfja og sj\u00fakra\u00fej\u00e1lfunar. Tryggingarf\u00e9l\u00f6gin grei\u00f0a&nbsp; einnig kostna\u00f0 l\u00f6gmanns vegna m\u00e1lsins. Tj\u00f3n\u00feoli, sem leitar a\u00f0sto\u00f0ar L\u00f6gmanna \u00c1rb\u00e6, \u00fearf ekki a\u00f0 leggja \u00fat neina fj\u00e1rmuni sj\u00e1lfur vegna l\u00e6knisvottor\u00f0a og annarrar gagna\u00f6flunar vegna m\u00e1lsins, svo sem fyrir matskostna\u00f0 fyrstu matsger\u00f0ar.&nbsp; Uppgj\u00f6r vegna l\u00f6gmannsa\u00f0sto\u00f0ar fer ekki fram fyrr&nbsp; en vi\u00f0 lokauppgj\u00f6r fr\u00e1 tryggingarf\u00e9lagi. Samkv\u00e6mt 5. grein ska\u00f0ab\u00f3talaga \u00e1 tj\u00f3n\u00feoli r\u00e9tt \u00e1, a\u00f0 l\u00edkamstj\u00f3n hans samkv\u00e6mt ska\u00f0ab\u00f3tal\u00f6gum ver\u00f0i meti\u00f0 er batahv\u00f6rfum (st\u00f6\u00f0ugleikapunkti) er n\u00e1\u00f0, sem er yfirleitt 3 til 6 m\u00e1nu\u00f0ir eftir tj\u00f3nsatbur\u00f0. Ber \u00fe\u00e1 a\u00f0 meta allan vafa um endurh\u00e6fingu \u00ed hag tj\u00f3n\u00feola.&nbsp;<\/p>\n<!-- \/wp:paragraph -->\n\n<!-- wp:paragraph -->\n<p>Til lei\u00f0beiningar&nbsp;<\/p>\n<!-- \/wp:paragraph -->\n\n<!-- wp:paragraph -->\n<p>&nbsp;\u00c1r\u00ed\u00f0andi er a\u00f0 s\u00e1, sem slasast \u00ed umfer\u00f0ar\u00f3happi&nbsp; leiti l\u00e6knis, eins flj\u00f3tt og ver\u00f0a m\u00e1 eftir slysi\u00f0 til a\u00f0 afla s\u00e9r s\u00f6nnunar \u00e1,&nbsp; hva\u00f0a&nbsp; \u00e1verkum hann hafi or\u00f0i\u00f0 fyrir \u00ed slysinu. Mikilv\u00e6gt er a\u00f0 tj\u00f3n\u00feoli tilkynni slysi\u00f0 sem fyrst til \u00feess tryggingaf\u00e9lags, er \u00e1byrg\u00f0ina ber, sem fer eftir b\u00f3takafla umfer\u00f0arlaga. Ef vafi er \u00e1,&nbsp; hvar b\u00f3ta\u00e1byrg\u00f0 liggur,&nbsp; er nau\u00f0synlegt a\u00f0 leita a\u00f0sto\u00f0ar l\u00f6gmanns. Einnig er mikilv\u00e6gt a\u00f0 fara fram \u00e1 vi\u00f0 l\u00f6greglu, a\u00f0 ger\u00f0 ver\u00f0i l\u00f6greglusk\u00fdrsla vegna atbur\u00f0arins, hafi l\u00f6gregla ekki komi\u00f0 a\u00f0 slysaatbur\u00f0i e\u00f0a gera \u00edtarlega tj\u00f3nstilkynningu, \u00fear sem b\u00e1\u00f0ir bifrei\u00f0arstj\u00f3rar, ef um \u00e1rekstur er a\u00f0 r\u00e6\u00f0a, rita undir vi\u00f0komandi tilkynningu.&nbsp; \u00c1st\u00e6\u00f0a \u00feess,&nbsp; a\u00f0 tj\u00f3n\u00feola ber a\u00f0 tryggja,&nbsp; a\u00f0 sem flest g\u00f6gn s\u00e9u til um slysi\u00f0, er a\u00f0 s\u00e1, er fer fram \u00e1 grei\u00f0slu slysab\u00f3ta, ber s\u00f6nnunarbyr\u00f0i um,&nbsp; a\u00f0 s\u00e1 \u00e1verki sem hann krefst b\u00f3ta fyrir s\u00e9 aflei\u00f0ing vi\u00f0komandi tj\u00f3nsatbur\u00f0ar.&nbsp;<\/p>\n<!-- \/wp:paragraph -->\n\n<!-- wp:paragraph -->\n<p>Af hverju a\u00f0 leita l\u00f6gmannsa\u00f0sto\u00f0ar&nbsp;<\/p>\n<!-- \/wp:paragraph -->\n\n<!-- wp:paragraph -->\n<p>Rekstur bifrei\u00f0artrygginga tryggingaf\u00e9laga gengur \u00fat a\u00f0 f\u00e1 greidd&nbsp; i\u00f0gj\u00f6ld og a\u00f0 grei\u00f0a ekki h\u00e6rri b\u00e6tur en f\u00e9l\u00f6gunum ber l\u00f6gum samkv\u00e6mt, a\u00f0 mati f\u00e9laganna, \u00feannig a\u00f0 innheimt i\u00f0gj\u00f6ld dekki \u00feau tj\u00f3n sem ver\u00f0a \u00e1 vi\u00f0komandi i\u00f0gjaldat\u00edmabili.&nbsp; Hinum \u00e1g\u00e6tu starfsm\u00f6nnum tryggingaf\u00e9laga ber \u00feannig a\u00f0 g\u00e6ta hagsmuna f\u00e9laganna, me\u00f0 sj\u00e1lfst\u00e6\u00f0u mati \u00e1 framkomnum g\u00f6gnum.&nbsp; \u00dea\u00f0 gefur auga lei\u00f0, a\u00f0 hagsmunir tryggingaf\u00e9laganna af grei\u00f0slu b\u00f3ta og hagsmunir tj\u00f3n\u00feolanna af \u00fev\u00ed a\u00f0 f\u00e1 fullar b\u00e6tur geta skarast.&nbsp; \u00c1 \u00feessu fl\u00f3kna r\u00e9ttarsvi\u00f0i er \u00fev\u00ed nau\u00f0synlegt fyrir tj\u00f3n\u00feola (f\u00f3rnarl\u00f6mb umfer\u00f0arslysa) a\u00f0 r\u00e1\u00f0a s\u00e9r l\u00f6gmann, sem leitast vi\u00f0 a\u00f0 g\u00e6ta r\u00e9ttar \u00feeirra af fremsta megni.&nbsp; Ef tj\u00f3n\u00feoli leitar til L\u00f6gmanna \u00c1rb\u00e6 kappkostum vi\u00f0 a\u00f0&nbsp; afla&nbsp; gagna \u00e1 eins flj\u00f3tlegan og \u00f6ruggan h\u00e1tt og f\u00e6rt er,&nbsp; hj\u00e1 \u00f3h\u00e1\u00f0um og&nbsp; f\u00e6rum s\u00e9rfr\u00e6\u00f0ingum og rekum m\u00e1li\u00f0 me\u00f0 hagsmuni tj\u00f3n\u00feola a\u00f0 lei\u00f0arlj\u00f3si fyrst og fremst. Vi\u00f0 h\u00f6fum tild\u00e6mis ekki fallist \u00e1 svok\u00f6llu\u00f0 &#8220;tveggja l\u00e6kna m\u00f6t&#8221;, \u00fear sem l\u00f6gma\u00f0ur tj\u00f3n\u00feola tilnefnir annan l\u00e6kninn og vi\u00f0komandi tryggingaf\u00e9lag hinn, til mats \u00e1 \u00e1verkunum.&nbsp; Teljum vi\u00f0 a\u00f0 \u00ed sl\u00edkum tilvikum s\u00e9 h\u00e6tta \u00e1, a\u00f0 mati\u00f0 gangi \u00fat \u00e1 \u00e1kve\u00f0i\u00f0 samkomulag milli l\u00e6knanna, \u00fear sem hagsmunir tj\u00f3n\u00feolans geti veri\u00f0 fyrir bor\u00f0 bornir. Vi\u00f0 leitum \u00fev\u00ed beint til \u00f3h\u00e1\u00f0ra s\u00e9rfr\u00e6\u00f0imatsmanna, eins og heimild er til \u00ed 10. grein ska\u00f0ab\u00f3talaga nr. 50\/1993, sem fyrst eftir a\u00f0 batah\u00f6rfum er n\u00e1\u00f0. Vi\u00f0 leggjum \u00e1herslu \u00e1,&nbsp; a\u00f0 fyrsta mat s\u00e9 unni\u00f0 af \u00f3h\u00e1\u00f0um s\u00e9rfr\u00e6\u00f0ingum, l\u00e6kni og l\u00f6gfr\u00e6\u00f0ingi,&nbsp; \u00e1 grundvelli gagna, sem vi\u00f0 \u00f6flum sj\u00e1lfir fyrir tj\u00f3n\u00feolann. \u00dea\u00f0 er reynsla okkar, a\u00f0 \u00ed m\u00f6rgum tilvikum geti or\u00f0i\u00f0 umdeilt, hverjar aflei\u00f0ingar umfer\u00f0arslysa eru, hva\u00f0 var\u00f0ar miska og varanlega \u00f6rorku og a\u00f0 endanleg \u00farslit r\u00e1\u00f0ist oftar enn ekki af \u00fev\u00ed, hvernig sta\u00f0i\u00f0 hafi veri\u00f0 a\u00f0 \u00fev\u00ed mati sem fyrst er gert.&nbsp;<\/p>\n<!-- \/wp:paragraph -->\n\n<!-- wp:paragraph -->\n<p>Fyrning&nbsp;<\/p>\n<!-- \/wp:paragraph -->\n\n<!-- wp:paragraph -->\n<p>Almenna reglan er s\u00fa a\u00f0 b\u00f3tar\u00e9ttur getur fyrnst \u00e1 fj\u00f3rum \u00e1rum eftir batahv\u00f6rf (st\u00f6\u00f0ugleikapunkt), en \u00ed s\u00ed\u00f0asta lagi&nbsp; t\u00edu \u00e1rum eftir slysdag.&nbsp;<\/p>\n<!-- \/wp:paragraph -->\n\n<!-- wp:paragraph -->\n<p>Hagsmunatengsl L\u00f6gmanna \u00c1rb\u00e6 slf. vi\u00f0 tryggingarf\u00e9l\u00f6g&nbsp; eru engin.<\/p>\n<!-- \/wp:paragraph -->\t\t\t\t\t\t<\/div>\n\t\t\t\t<\/div>\n\t\t\t\t\t<\/div>\n\t\t<\/div>\n\t\t\t\t\t\t\t<\/div>\n\t\t<\/section>\n\t\t\t\t\t\t<\/div>\n\t\t\t\t\t<\/div>\n\t\t","protected":false},"excerpt":{"rendered":"<p>L\u00f6gfr\u00e6\u00f0i\u00fej\u00f3nusta fyrir umfer\u00f0aslys S\u00e1 sem slasast af v\u00f6ldum skr\u00e1ningarskylds \u00f6kut\u00e6kis \u00e1 alltaf r\u00e9tt \u00e1 b\u00f3tum,&nbsp; ef slysi\u00f0 stafar af akstri (notkun) \u00f6kut\u00e6kisins. Tj\u00f3n\u00feoli getur \u00fe\u00e1 \u00e1tt r\u00e9tt \u00e1, sj\u00fakrakostna\u00f0i, \u00f6\u00f0ru fj\u00e1rtj\u00f3ni,&nbsp; \u00fej\u00e1ningab\u00f3tum, miskab\u00f3tum og b\u00f3tum fyrir varanlega \u00f6rorku.&nbsp; Skyldutryggingar \u00f6kut\u00e6kis gilda fyrir far\u00feega, \u00f6kumann og gangandi og hj\u00f3landi vegfarendur, sem fyrir tj\u00f3ni ver\u00f0a. Ekki er [&hellip;]<\/p>\n","protected":false},"author":1,"featured_media":0,"parent":492,"menu_order":0,"comment_status":"closed","ping_status":"closed","template":"","meta":{"footnotes":""},"class_list":["post-565","page","type-page","status-publish","hentry"],"yoast_head":"<!-- This site is optimized with the Yoast SEO plugin v16.9 - https:\/\/yoast.com\/wordpress\/plugins\/seo\/ -->\n<title>L\u00f6gfr\u00e6\u00f0i\u00fej\u00f3nusta fyrir umfer\u00f0arslys &gt; L&ouml;gmenn &Aacute;rb&aelig;<\/title>\n<meta name=\"robots\" content=\"index, follow, max-snippet:-1, max-image-preview:large, max-video-preview:-1\" \/>\n<link rel=\"canonical\" href=\"https:\/\/skadi.is\/index.php\/logmenn-arbae\/logfraedithjonusta\/logfraedithjonusta-fyrir-umferdarslys\/\" \/>\n<meta property=\"og:locale\" content=\"en_US\" \/>\n<meta property=\"og:type\" content=\"article\" \/>\n<meta property=\"og:title\" content=\"L\u00f6gfr\u00e6\u00f0i\u00fej\u00f3nusta fyrir umfer\u00f0arslys &gt; L&ouml;gmenn &Aacute;rb&aelig;\" \/>\n<meta property=\"og:description\" content=\"L\u00f6gfr\u00e6\u00f0i\u00fej\u00f3nusta fyrir umfer\u00f0aslys S\u00e1 sem slasast af v\u00f6ldum skr\u00e1ningarskylds \u00f6kut\u00e6kis \u00e1 alltaf r\u00e9tt \u00e1 b\u00f3tum,&nbsp; ef slysi\u00f0 stafar af akstri (notkun) \u00f6kut\u00e6kisins. Tj\u00f3n\u00feoli getur \u00fe\u00e1 \u00e1tt r\u00e9tt \u00e1, sj\u00fakrakostna\u00f0i, \u00f6\u00f0ru fj\u00e1rtj\u00f3ni,&nbsp; \u00fej\u00e1ningab\u00f3tum, miskab\u00f3tum og b\u00f3tum fyrir varanlega \u00f6rorku.&nbsp; Skyldutryggingar \u00f6kut\u00e6kis gilda fyrir far\u00feega, \u00f6kumann og gangandi og hj\u00f3landi vegfarendur, sem fyrir tj\u00f3ni ver\u00f0a. Ekki er [&hellip;]\" \/>\n<meta property=\"og:url\" content=\"https:\/\/skadi.is\/index.php\/logmenn-arbae\/logfraedithjonusta\/logfraedithjonusta-fyrir-umferdarslys\/\" \/>\n<meta property=\"og:site_name\" content=\"L&ouml;gmenn &Aacute;rb&aelig;\" \/>\n<meta property=\"article:modified_time\" content=\"2021-08-09T15:37:20+00:00\" \/>\n<meta name=\"twitter:card\" content=\"summary_large_image\" \/>\n<meta name=\"twitter:label1\" content=\"Est. reading time\" \/>\n\t<meta name=\"twitter:data1\" content=\"4 minutes\" \/>\n<script type=\"application\/ld+json\" class=\"yoast-schema-graph\">{\"@context\":\"https:\/\/schema.org\",\"@graph\":[{\"@type\":\"WebSite\",\"@id\":\"https:\/\/skadi.is\/#website\",\"url\":\"https:\/\/skadi.is\/\",\"name\":\"L&ouml;gmenn &Aacute;rb&aelig;\",\"description\":\"L&ouml;gmenn &Aacute;rb&aelig; slf. er alhli&eth;a l&ouml;gmannsstofa &thorn;ar sem &thorn;verfagleg l&ouml;gmanns&thorn;j&oacute;nusta er veitt.\",\"potentialAction\":[{\"@type\":\"SearchAction\",\"target\":{\"@type\":\"EntryPoint\",\"urlTemplate\":\"https:\/\/skadi.is\/?s={search_term_string}\"},\"query-input\":\"required name=search_term_string\"}],\"inLanguage\":\"en\"},{\"@type\":\"WebPage\",\"@id\":\"https:\/\/skadi.is\/index.php\/logmenn-arbae\/logfraedithjonusta\/logfraedithjonusta-fyrir-umferdarslys\/#webpage\",\"url\":\"https:\/\/skadi.is\/index.php\/logmenn-arbae\/logfraedithjonusta\/logfraedithjonusta-fyrir-umferdarslys\/\",\"name\":\"L\\u00f6gfr\\u00e6\\u00f0i\\u00fej\\u00f3nusta fyrir umfer\\u00f0arslys &gt; L&ouml;gmenn &Aacute;rb&aelig;\",\"isPartOf\":{\"@id\":\"https:\/\/skadi.is\/#website\"},\"datePublished\":\"2021-06-29T10:15:11+00:00\",\"dateModified\":\"2021-08-09T15:37:20+00:00\",\"breadcrumb\":{\"@id\":\"https:\/\/skadi.is\/index.php\/logmenn-arbae\/logfraedithjonusta\/logfraedithjonusta-fyrir-umferdarslys\/#breadcrumb\"},\"inLanguage\":\"en\",\"potentialAction\":[{\"@type\":\"ReadAction\",\"target\":[\"https:\/\/skadi.is\/index.php\/logmenn-arbae\/logfraedithjonusta\/logfraedithjonusta-fyrir-umferdarslys\/\"]}]},{\"@type\":\"BreadcrumbList\",\"@id\":\"https:\/\/skadi.is\/index.php\/logmenn-arbae\/logfraedithjonusta\/logfraedithjonusta-fyrir-umferdarslys\/#breadcrumb\",\"itemListElement\":[{\"@type\":\"ListItem\",\"position\":1,\"name\":\"Fr\\u00e9ttir\",\"item\":\"https:\/\/skadi.is\/\"},{\"@type\":\"ListItem\",\"position\":2,\"name\":\"FORS\\u00cd\\u00d0A\",\"item\":\"https:\/\/skadi.is\/\"},{\"@type\":\"ListItem\",\"position\":3,\"name\":\"L\\u00f6gfr\\u00e6\\u00f0i\\u00fej\\u00f3nusta\",\"item\":\"https:\/\/skadi.is\/index.php\/logmenn-arbae\/logfraedithjonusta\/\"},{\"@type\":\"ListItem\",\"position\":4,\"name\":\"L\\u00f6gfr\\u00e6\\u00f0i\\u00fej\\u00f3nusta fyrir umfer\\u00f0arslys\"}]}]}<\/script>\n<!-- \/ Yoast SEO plugin. -->","yoast_head_json":{"title":"L\u00f6gfr\u00e6\u00f0i\u00fej\u00f3nusta fyrir umfer\u00f0arslys &gt; L&ouml;gmenn &Aacute;rb&aelig;","robots":{"index":"index","follow":"follow","max-snippet":"max-snippet:-1","max-image-preview":"max-image-preview:large","max-video-preview":"max-video-preview:-1"},"canonical":"https:\/\/skadi.is\/index.php\/logmenn-arbae\/logfraedithjonusta\/logfraedithjonusta-fyrir-umferdarslys\/","og_locale":"en_US","og_type":"article","og_title":"L\u00f6gfr\u00e6\u00f0i\u00fej\u00f3nusta fyrir umfer\u00f0arslys &gt; L&ouml;gmenn &Aacute;rb&aelig;","og_description":"L\u00f6gfr\u00e6\u00f0i\u00fej\u00f3nusta fyrir umfer\u00f0aslys S\u00e1 sem slasast af v\u00f6ldum skr\u00e1ningarskylds \u00f6kut\u00e6kis \u00e1 alltaf r\u00e9tt \u00e1 b\u00f3tum,&nbsp; ef slysi\u00f0 stafar af akstri (notkun) \u00f6kut\u00e6kisins. Tj\u00f3n\u00feoli getur \u00fe\u00e1 \u00e1tt r\u00e9tt \u00e1, sj\u00fakrakostna\u00f0i, \u00f6\u00f0ru fj\u00e1rtj\u00f3ni,&nbsp; \u00fej\u00e1ningab\u00f3tum, miskab\u00f3tum og b\u00f3tum fyrir varanlega \u00f6rorku.&nbsp; Skyldutryggingar \u00f6kut\u00e6kis gilda fyrir far\u00feega, \u00f6kumann og gangandi og hj\u00f3landi vegfarendur, sem fyrir tj\u00f3ni ver\u00f0a. Ekki er [&hellip;]","og_url":"https:\/\/skadi.is\/index.php\/logmenn-arbae\/logfraedithjonusta\/logfraedithjonusta-fyrir-umferdarslys\/","og_site_name":"L&ouml;gmenn &Aacute;rb&aelig;","article_modified_time":"2021-08-09T15:37:20+00:00","twitter_card":"summary_large_image","twitter_misc":{"Est. reading time":"4 minutes"},"schema":{"@context":"https:\/\/schema.org","@graph":[{"@type":"WebSite","@id":"https:\/\/skadi.is\/#website","url":"https:\/\/skadi.is\/","name":"L&ouml;gmenn &Aacute;rb&aelig;","description":"L&ouml;gmenn &Aacute;rb&aelig; slf. er alhli&eth;a l&ouml;gmannsstofa &thorn;ar sem &thorn;verfagleg l&ouml;gmanns&thorn;j&oacute;nusta er veitt.","potentialAction":[{"@type":"SearchAction","target":{"@type":"EntryPoint","urlTemplate":"https:\/\/skadi.is\/?s={search_term_string}"},"query-input":"required name=search_term_string"}],"inLanguage":"en"},{"@type":"WebPage","@id":"https:\/\/skadi.is\/index.php\/logmenn-arbae\/logfraedithjonusta\/logfraedithjonusta-fyrir-umferdarslys\/#webpage","url":"https:\/\/skadi.is\/index.php\/logmenn-arbae\/logfraedithjonusta\/logfraedithjonusta-fyrir-umferdarslys\/","name":"L\u00f6gfr\u00e6\u00f0i\u00fej\u00f3nusta fyrir umfer\u00f0arslys &gt; L&ouml;gmenn &Aacute;rb&aelig;","isPartOf":{"@id":"https:\/\/skadi.is\/#website"},"datePublished":"2021-06-29T10:15:11+00:00","dateModified":"2021-08-09T15:37:20+00:00","breadcrumb":{"@id":"https:\/\/skadi.is\/index.php\/logmenn-arbae\/logfraedithjonusta\/logfraedithjonusta-fyrir-umferdarslys\/#breadcrumb"},"inLanguage":"en","potentialAction":[{"@type":"ReadAction","target":["https:\/\/skadi.is\/index.php\/logmenn-arbae\/logfraedithjonusta\/logfraedithjonusta-fyrir-umferdarslys\/"]}]},{"@type":"BreadcrumbList","@id":"https:\/\/skadi.is\/index.php\/logmenn-arbae\/logfraedithjonusta\/logfraedithjonusta-fyrir-umferdarslys\/#breadcrumb","itemListElement":[{"@type":"ListItem","position":1,"name":"Fr\u00e9ttir","item":"https:\/\/skadi.is\/"},{"@type":"ListItem","position":2,"name":"FORS\u00cd\u00d0A","item":"https:\/\/skadi.is\/"},{"@type":"ListItem","position":3,"name":"L\u00f6gfr\u00e6\u00f0i\u00fej\u00f3nusta","item":"https:\/\/skadi.is\/index.php\/logmenn-arbae\/logfraedithjonusta\/"},{"@type":"ListItem","position":4,"name":"L\u00f6gfr\u00e6\u00f0i\u00fej\u00f3nusta fyrir umfer\u00f0arslys"}]}]}},"_links":{"self":[{"href":"https:\/\/skadi.is\/index.php\/wp-json\/wp\/v2\/pages\/565","targetHints":{"allow":["GET"]}}],"collection":[{"href":"https:\/\/skadi.is\/index.php\/wp-json\/wp\/v2\/pages"}],"about":[{"href":"https:\/\/skadi.is\/index.php\/wp-json\/wp\/v2\/types\/page"}],"author":[{"embeddable":true,"href":"https:\/\/skadi.is\/index.php\/wp-json\/wp\/v2\/users\/1"}],"replies":[{"embeddable":true,"href":"https:\/\/skadi.is\/index.php\/wp-json\/wp\/v2\/comments?post=565"}],"version-history":[{"count":7,"href":"https:\/\/skadi.is\/index.php\/wp-json\/wp\/v2\/pages\/565\/revisions"}],"predecessor-version":[{"id":808,"href":"https:\/\/skadi.is\/index.php\/wp-json\/wp\/v2\/pages\/565\/revisions\/808"}],"up":[{"embeddable":true,"href":"https:\/\/skadi.is\/index.php\/wp-json\/wp\/v2\/pages\/492"}],"wp:attachment":[{"href":"https:\/\/skadi.is\/index.php\/wp-json\/wp\/v2\/media?parent=565"}],"curies":[{"name":"wp","href":"https:\/\/api.w.org\/{rel}","templated":true}]}}